{"id":6196,"date":"2023-03-08T11:05:33","date_gmt":"2023-03-08T11:05:33","guid":{"rendered":"https:\/\/terrazabalear.com\/privacy-policy-2\/"},"modified":"2025-02-13T12:15:36","modified_gmt":"2025-02-13T12:15:36","slug":"datenschutz-bestimmungen","status":"publish","type":"page","link":"https:\/\/terrazabalear.com\/de\/datenschutz-bestimmungen\/","title":{"rendered":"Datenschutz-Bestimmungen"},"content":{"rendered":"<p>Im Einklang mit den Bestimmungen der Datenschutz-Grundverordnung (DSGVO, (EG ) 679\/2016 und dem spanischen<br \/>\nStaatsgrundgesetz 3\/2018, vom 5. Dezember \u00fcber Schutz personenbezogener Daten und Gew\u00e4hrleistung digitaler<br \/>\nRechte, stellen wir Ihnen die folgenden Informationen zur Verarbeitung Ihrer pers\u00f6nlichen Daten zur Verf\u00fcgung:<\/p>\n<p><span class=\"c83\">Wer ist f\u00fcr Verarbeitung Ihrer personenbezogenen Daten verantwortlich?<\/span><\/p>\n<p>Verantwortlicher f\u00fcr Datenverarbeitung und Datenschutzbeauftragter<br \/>\nVerantwortlich f\u00fcr die Verarbeitung Ihrer personenbezogenen Daten ist die Gesellschaft GRUPO INTERIORES GTH, S.L., mit Sitz<br \/>\nin Lago Carucedo s\/n, 28947, Fuenlabrada, Madrid, Espa\u00f1a. Sie k\u00f6nnen den Datenschutzbeauftragten unter der folgenden E-Mail-<br \/>\nAdresse kontaktieren:\u00a0<a href=\"mailto:info@terrazabalear.com\">info@terrazabalear.com.\u00a0<\/a><\/p>\n<p><span class=\"c83\">Welche Daten verarbeiten wir?<\/span><\/p>\n<p>Bei TERRAZA BALEAR S.L. verarbeiten wir die personenbezogenen Daten, die Sie uns durch das Ausf\u00fcllen der daf\u00fcr<br \/>\nvorgesehenen Formulare auf dieser Website zur Verf\u00fcgung stellen, die personenbezogenen Daten, die sich aus der<br \/>\nErbringung oder dem Abschluss von Vertr\u00e4gen \u00fcber unsere Dienstleistungen oder Produkte ergeben und\/oder die<br \/>\npersonenbezogenen Daten, die sich aus der Gesch\u00e4ftsbeziehung ergeben, die Sie mit uns haben. Dar\u00fcber hinaus<br \/>\nverarbeiten wir personenbezogene Daten, die im Rahmen Ihrer Aktivit\u00e4ten auf unserer Website generiert werden,<br \/>\nwozu auch Ihre Browser-Daten geh\u00f6ren, die wir \u00fcber die Website erhalten.<\/p>\n<p>Es ist wichtig f\u00fcr uns, die Aufzeichnung Ihrer pers\u00f6nlichen Daten auf dem neuesten Stand zu halten. Sie sind<br \/>\nverpflichtet, uns so schnellstm\u00f6glich \u00fcber \u00c4nderungen oder Fehler in Ihren pers\u00f6nlichen Daten zu informieren, indem<br \/>\nSie uns unter folgender E-Mail-Adresse kontaktieren: <a href=\"mailto:info@terrazabalear.com\">info@terrazabalear.com.\u00a0<\/a>.<\/p>\n<p><span class=\"c83\">Zu welchem Zweck verarbeiten wir Ihre personenbezogenen Daten?<\/span><\/p>\n<p>Zweck: Ihre personenbezogenen Daten werden f\u00fcr die folgenden Zwecke verarbeitet:<\/p>\n<ol class=\"c59 lst-kix_list_3-0 start\" start=\"1\">\n<li class=\"c26\">Verwaltung und Pflege der \u00fcber die Website angebotenen Dienste.<\/li>\n<li>-Verwaltung und Bearbeitung der von den Benutzern \u00fcber das Kontaktformular gestellten Fragen und<br \/>\nAuskunftsanfragen. Die E-Mail-Adresse und die personenbezogenen Daten, die Sie uns \u00fcber das Kontaktformular auf der Website zur Verf\u00fcgung stellen, werden ausschlie\u00dflich zur Bearbeitung der Anfragen verwendet, die Sie uns auf<br \/>\ndiesem Wege \u00fcbermitteln.<\/li>\n<li>Erf\u00fcllung der geltenden rechtlichen Verpflichtungen.<\/li>\n<li>Versand von kommerziellen Mitteilungen und Newslettern sowie Werbung f\u00fcr unsere Dienstleistungen und Produkte.<\/li>\n<li>Verwaltung von Anfragen zu Informationen oder Angeboten f\u00fcr unsere Dienstleistungen oder Produkte.<\/li>\n<li>Erhalt und Verwaltung Ihrer Bewerbung zur Teilnahme an den Personalauswahlverfahren des Unternehmens.<\/li>\n<li>-Wenn Sie Ihr Einverst\u00e4ndnis gegeben haben und um Ihnen Dienstleistungen entsprechend Ihren Interessen anbieten zu<br \/>\nk\u00f6nnen, d\u00fcrfen wir Ihre personenbezogenen Daten zur Erstellung eines Gesch\u00e4ftsprofils verwenden. Auf der Grundlage<br \/>\ndieses Profils werden keine automatisierten Entscheidungen getroffen.<\/li>\n<\/ol>\n<p><span class=\"c83\">Wie lange werden wir Ihre personenbezogenen Daten aufbewahren?<\/span><\/p>\n<p>Wir bewahren Ihre personenbezogenen Daten so lange in unseren Systemen und Dateien auf, wie es f\u00fcr die Erf\u00fcllung<br \/>\nder Zwecke der Verarbeitung und zur Einhaltung der geltenden Rechtsvorschriften erforderlich ist. Ihre<br \/>\npersonenbezogenen Daten werden so lange aufbewahrt, wie eine vertragliche und\/oder gesch\u00e4ftliche Beziehung zu<br \/>\nIhnen besteht, bzw. solange Sie nicht von Ihrem Recht auf L\u00f6schung und\/oder Einschr\u00e4nkung der Verarbeitung Ihrer<br \/>\nDaten Gebrauch machen. Die Dauer der Aufbewahrung personenbezogener Daten h\u00e4ngt von den Zwecken der<br \/>\nVerarbeitung ab und betr\u00e4gt im Allgemeinen:<\/p>\n<ol class=\"c59 lst-kix_list_3-0 start\" start=\"1\">\n<li class=\"c26\">Personenbezogene Daten, die Sie uns bei der Inanspruchnahme unserer Dienstleistungen oder Produkte zur Verf\u00fcgung<br \/>\nstellen, werden w\u00e4hrend des Vertragsverh\u00e4ltnisses und nach Beendigung des Vertragsverh\u00e4ltnisses f\u00fcr die Dauer der<br \/>\nVerj\u00e4hrung der sich daraus ergebenden Rechtsanspr\u00fcche gespeichert.<\/li>\n<li>Personenbezogene Daten, die Sie uns zur Bearbeitung von Informationsanfragen oder Anfragen \u00fcber das<br \/>\nKontaktformular angeben, werden so lange gespeichert, bis Sie deren L\u00f6schung oder Widerruf verlangen.<\/li>\n<li>Personenbezogene Daten, die Sie bei der Anmeldung zu unserem Newsletter oder unseren Newslettern angeben,<br \/>\nwerden so lange gespeichert, bis Sie deren L\u00f6schung, Widerspruch und\/oder Einschr\u00e4nkung verlangen. &#8211;<br \/>\nPersonenbezogene Daten, die Sie uns durch die \u00dcbermittlung Ihrer Bewerbung mit Lebenslauf zur Verf\u00fcgung stellen,<br \/>\nwerden f\u00fcr einen Zeitraum von h\u00f6chstens 1 Jahr aufbewahrt.<\/li>\n<li>Die aus Ihren Surf- und Konsumgewohnheiten gewonnenen personenbezogenen Daten sowie das erstellte<br \/>\nGesch\u00e4ftsprofil werden so lange aufbewahrt, bis Sie deren L\u00f6schung oder Widerruf verlangen.<\/li>\n<li>Ihre personenbezogenen Daten werden so lange gespeichert, wie es f\u00fcr die genannten Zwecke dienlich ist, auf jeden<br \/>\nFall f\u00fcr die Dauer der gesetzlichen Fristen und f\u00fcr die erforderliche Zeit, um m\u00f6gliche Haftungsanspr\u00fcche aus der<br \/>\nVerarbeitung zu ber\u00fccksichtigen.<\/li>\n<\/ol>\n<p><span class=\"c83\">Sicherheit der Daten<\/span><\/p>\n<p>Wir verf\u00fcgen \u00fcber angemessene technische und organisatorische Sicherheitsma\u00dfnahmen, um Ihre personenbezogenen<br \/>\nDaten gegen unbefugte oder unrechtm\u00e4\u00dfige Verarbeitung, versehentlichen Verlust, Zerst\u00f6rung oder Besch\u00e4digung zu<br \/>\nsch\u00fctzen und die Integrit\u00e4t und Vertraulichkeit Ihrer personenbezogenen Daten zu gew\u00e4hrleisten. Die getroffenen<br \/>\ntechnischen und organisatorischen Sicherheitsvorkehrungen erm\u00f6glichen es, die dauerhafte Vertraulichkeit, Integrit\u00e4t,<br \/>\nVerf\u00fcgbarkeit und Belastbarkeit der Verarbeitungssysteme und &#8211; dienste zu gew\u00e4hrleisten, die Verf\u00fcgbarkeit und den<br \/>\nZugang zu personenbezogenen Daten im Falle eines physischen oder technischen Zwischenfalls unverz\u00fcglich<br \/>\nwiederherzustellen und die Wirksamkeit der technischen und organisatorischen Ma\u00dfnahmen zur Gew\u00e4hrleistung der<br \/>\nSicherheit der Verarbeitung regelm\u00e4\u00dfig zu \u00fcberpr\u00fcfen, zu bewerten und zu beurteilen.<\/p>\n<p>Diese technischen und organisatorischen Sicherheitsma\u00dfnahmen wurden unter Ber\u00fccksichtigung unserer<br \/>\nITInfrastruktur, des Stands der Technik gem\u00e4\u00df den aktuellen Standards und Praktiken, der Kosten f\u00fcr die Umsetzung<br \/>\nund der Art, des Umfangs, der Umst\u00e4nde und der Zwecke der Verarbeitung sowie der Risiken unterschiedlicher<br \/>\nWahrscheinlichkeit und Schwere der Verarbeitung Ihrer personenbezogenen Daten konzipiert.<\/p>\n<p><span class=\"c83\">Wodurch ist die Verarbeitung Ihrer Daten legitimiert?<\/span><\/p>\n<p>Gesetzliche Berechtigung: Die Berechtigung zur Verarbeitung Ihrer personenbezogenen Daten beruht auf:<\/p>\n<ol class=\"c59 lst-kix_list_3-0 start\" start=\"1\">\n<li style=\"list-style-type: none;\">\n<ol class=\"c59 lst-kix_list_3-0 start\" start=\"1\">\n<li class=\"c26\">Die Durchf\u00fchrung und Aufrechterhaltung einer vertraglichen und gesch\u00e4ftlichen Beziehung mit Ihnen, wie zum Beispiel<br \/>\ndie Bestellung von Produkten und Dienstleistungen des Unternehmens, die Verwaltung und die Einholung von<br \/>\nAngeboten f\u00fcr die Produkte und\/oder Dienstleistungen des Unternehmens, alles im Einklang mit den Bestimmungen in<br \/>\nArtikel 6.1.B der DSGVO (EU) 679\/2016 und dem spanischen Staatsgrundgesetz 3\/2018 vom 5. Dezember (LOPDPGDD).<\/li>\n<li>Ihre ausdr\u00fcckliche Zustimmung f\u00fcr einen oder mehrere Zwecke, wie z. B. die Zusendung von eigenen<br \/>\nWerbemitteilungen oder Newslettern oder von Dritten, die Verwaltung von Bewerbungen, die Teilnahme an Aktivit\u00e4ten<br \/>\noder Wettbewerben, alles im Einklang mit den Bestimmungen in Artikel 6.1.A der DSGVO ( EU ) 679\/2016 und dem<br \/>\nspanischen Staatsgrundgesetz 3\/2018 vom 5. Dezember (LOPDPGDDD ).<\/li>\n<li>Die Erf\u00fcllung verschiedener gesetzlicher Verpflichtungen, alle im Einklang mit den Bestimmungen in Artikel 6.1 .C der<br \/>\nDSGVO (EU) 679\/2016 und dem spanischen Staatsgrundgesetz 3\/2018 vom 5. Dezember (LOPDPGDD). -Die<br \/>\nBefriedigung berechtigter Interessen des Verantwortlichen f\u00fcr Datenverarbeitung oder eines Dritten, z. B. aus<br \/>\nSicherheitsgr\u00fcnden, zur Verbesserung unserer Dienstleistungen oder zur Bearbeitung von Anfragen.<\/li>\n<\/ol>\n<\/li>\n<\/ol>\n<p>Der Benutzer wird w\u00e4hrend des Datenerfassungsvorgangs und an jeder Stelle auf der Website, wo personenbezogene<br \/>\nDaten erfragt werden, entweder \u00fcber einen Hyperlink oder durch entsprechende Erw\u00e4hnung im Formular selbst<br \/>\ndar\u00fcber informiert, ob die erfragten personenbezogenen Daten Pflichtangaben sind oder nicht.<\/p>\n<p>Die in den Formularen auf der Website erfragten personenbezogenen Daten sind im Allgemeinen obligatorisch<br \/>\n(ausgenommen bei anders lautenden Hinweisen im entsprechenden Feld), um die festgelegten Zwecke zu erf\u00fcllen.<br \/>\nWenn also die angeforderten personenbezogenen Daten nicht oder nicht korrekt angegeben werden, kann der Anfrage<br \/>\nnicht entsprochen werden.<\/p>\n<p>Es besteht die Verpflichtung, Ihre pers\u00f6nlichen Daten im Falle einer Bestellung einer Dienstleistung oder eines Produkts<br \/>\nund\/oder im Falle der Anforderung eines Kostenvoranschlags oder Angebots anzugeben.<\/p>\n<p>Die Zusendung von Werbemitteilungen, Newslettern oder Informationsbulletins \u00fcber unsere Produkte und<br \/>\nDienstleistungen erfolgt auf der Grundlage der von Ihnen erbetenen Zustimmung, und der Widerruf dieser<br \/>\nZustimmung beeintr\u00e4chtigt in keinem Fall die vertragliche oder gesch\u00e4ftliche Beziehung, die Sie mit uns haben.<\/p>\n<p>Wenn Sie uns die Erlaubnis erteilt haben, Ihnen Werbung f\u00fcr unsere Dienstleistungen und Produkte zu senden, k\u00f6nnen<br \/>\nIhre personenbezogenen Daten verwendet werden, um den Versand von Werbeangeboten und Newslettern auf<br \/>\nelektronischem Wege zu verwalten. In diesen F\u00e4llen gelten die Bestimmungen der Artikel 20 und 21 im Gesetz 34\/2002<br \/>\nvom 11. Juli 2002 \u00fcber die Dienste der Informationsgesellschaft und den elektronischen Gesch\u00e4ftsverkehr f\u00fcr die<br \/>\nNutzung und Verarbeitung Ihrer pers\u00f6nlichen Daten zum Zwecke der Zusendung von Werbung auf elektronischem<br \/>\nWege.<\/p>\n<p>Wenn Sie die Option Erhalt von Werbung angekreuzt haben oder wenn Sie unseren Newsletter abonniert haben,<br \/>\nk\u00f6nnen Sie diese Option jederzeit abbestellen.<\/p>\n<p><span class=\"c83\">An welche Empf\u00e4nger werden Ihre Daten weitergegeben?<\/span><\/p>\n<p>Empf\u00e4nger: Im Allgemeinen werden Ihre personenbezogenen Daten nicht an Dritte au\u00dferhalb des Unternehmens<br \/>\nweitergegeben, es sei denn, es besteht eine gesetzliche Verpflichtung. Wir setzen Sie jedoch dar\u00fcber in Kenntnis, dass<br \/>\nDrittanbieter als Auftragsverarbeiter im Rahmen der Dienstleistungserbringung f\u00fcr die Verantwortliche Stelle f\u00fcr<\/p>\n<p>Datenverarbeitung Zugang zu Ihren personenbezogenen Daten haben k\u00f6nnen. Wir informieren Sie dar\u00fcber, dass Sie<br \/>\neine vollst\u00e4ndige Liste der Empf\u00e4nger anfordern k\u00f6nnen, die Ihre personenbezogenen Daten als Auftragsverarbeiter<br \/>\noder als Drittempf\u00e4nger durch \u00dcbermittlung unter folgender E-Mail-Adresse erhalten k\u00f6nnen: info@terrazabalear.com.<br \/>\nDar\u00fcber hinaus kann das Unternehmen in den F\u00e4llen, in denen eine gesetzliche Verpflichtung besteht,<br \/>\npersonenbezogene Daten abtreten oder weitergeben, um seinen gesetzlichen Verpflichtungen gegen\u00fcber den<br \/>\n\u00f6ffentlichen Verwaltungen nachzukommen.<\/p>\n<p>&#8211; Internationale Daten\u00fcbermittlung:<\/p>\n<p>Um die oben beschriebenen Datenverarbeitungst\u00e4tigkeiten durchzuf\u00fchren, k\u00f6nnen wir Daten in L\u00e4nder au\u00dferhalb des<br \/>\nEurop\u00e4ischen Wirtschaftsraums (EWR) \u00fcbermitteln und diese Daten in physischen oder digitalen Datenbanken<br \/>\nspeichern, die von Unternehmen verwaltet werden, die in unserem Namen handeln. Die Verwaltung der Datenbank<br \/>\nund die Datenverarbeitung ist auf die Zwecke der Verarbeitung beschr\u00e4nkt und erfolgt in \u00dcbereinstimmung mit den<br \/>\ngeltenden Datenschutzgesetzen und -vorschriften. F\u00fcr den Fall, dass Daten in L\u00e4nder au\u00dferhalb des EWR \u00fcbermittelt<br \/>\nwerden, wird das Unternehmen geeignete vertragliche Ma\u00dfnahmen zur Gew\u00e4hrleistung des Datenschutzes ergreifen,<br \/>\nzu denen unter anderem Vertr\u00e4ge auf der Grundlage der von der Europ\u00e4ischen Kommission verabschiedeten<br \/>\nStandarddatenschutzklauseln f\u00fcr die \u00dcbermittlung personenbezogener Daten in L\u00e4nder au\u00dferhalb des EWR geh\u00f6ren<br \/>\nk\u00f6nnen.<\/p>\n<p><span class=\"c83\">Welche Rechte haben Sie bei der Verarbeitung Ihrer personenbezogenen Daten?<\/span><\/p>\n<p>Ihre Rechte: Sie haben das Recht auf Zugang zu Ihren personenbezogenen Daten sowie die Berichtigung unrichtiger<br \/>\nDaten oder gegebenenfalls deren L\u00f6schung zu verlangen, wenn die Daten unter anderem f\u00fcr die Zwecke, f\u00fcr die sie<br \/>\nerhoben wurden, nicht mehr ben\u00f6tigt werden. Unter bestimmten Umst\u00e4nden k\u00f6nnen Sie die Einschr\u00e4nkung der<br \/>\nVerarbeitung Ihrer Daten verlangen. In diesem Fall werden wir sie nur zur Geltendmachung oder Verteidigung von<br \/>\nAnspr\u00fcchen aufbewahren. Sie k\u00f6nnen auch aus Gr\u00fcnden, die sich aus Ihrer besonderen Situation ergeben, der<br \/>\nVerarbeitung Ihrer Daten widersprechen; in diesem Fall werden Ihre personenbezogenen Daten nicht mehr f\u00fcr die<br \/>\nZwecke verarbeitet, denen Sie widersprochen haben. Soweit technisch m\u00f6glich, k\u00f6nnen Sie die \u00dcbertragbarkeit Ihrer<br \/>\nDaten auf einen anderen Verantwortlichen f\u00fcr Datenverarbeitung verlangen. Um diese Rechte gem\u00e4\u00df den geltenden<br \/>\nRechtsvorschriften auszu\u00fcben, k\u00f6nnen Sie ein Schreiben per Post mit einer Kopie eines Dokuments zum Nachweis Ihrer<br \/>\nIdentit\u00e4t (Personalausweis) an GRUPO INTERIORES GTH, S.L. in Lago Carucedo s\/n, 28947, Fuenlabrada, Madrid, Espa\u00f1a oder an die E-<br \/>\nMail-Adresse info@terrazabalear.com senden. Sie haben das Recht, eine Beschwerde bei der Aufsichtsbeh\u00f6rde<br \/>\neinzureichen: Spanische Datenschutzbeh\u00f6rde (Agencia Espa\u00f1ola de Protecci\u00f3n de Datos www.agpd.es). Herkunft der<br \/>\npersonenbezogenen Daten: die betroffene Person selbst.<\/p>\n<p>Sie erkl\u00e4ren sich ausdr\u00fccklich damit einverstanden, dass die beim Surfen auf der Website erhobenen und\/oder durch<br \/>\ndas Ausf\u00fcllen von Formularen \u00fcbermittelten personenbezogenen Daten sowie die Daten, die sich aus einer eventuellen<br \/>\nGesch\u00e4ftsbeziehung ergeben, in die automatisierten Personendateien des Unternehmens aufgenommen werden.<\/p>\n<p>Das Unternehmen garantiert die Vertraulichkeit der personenbezogenen Daten der Benutzer. Das Unternehmen wird<br \/>\njedoch die personenbezogenen Daten und alle anderen Informationen, die sich in ihrem Besitz befinden oder \u00fcber ihre<br \/>\nSysteme zug\u00e4nglich sind, an die zust\u00e4ndigen Beh\u00f6rden weitergeben, sofern dies nach den geltenden Rechts- und<br \/>\nVerwaltungsvorschriften erforderlich ist. Die personenbezogenen Daten k\u00f6nnen in den Dateien von GRUPO INTERIORES GTH, S.L. auch nach Beendigung der \u00fcber die Website des Unternehmens formalisierten Gesch\u00e4ftsbeziehungen ausschlie\u00dflich<br \/>\nzu den oben genannten Zwecken und in jedem Fall w\u00e4hrend der gesetzlich festgelegten Fristen zur Verf\u00fcgung von<br \/>\nVerwaltungs- oder Justizbeh\u00f6rden aufbewahrt werden.<\/p>\n<p><span class=\"c83\">Nutzung von sozialen Netzwerken<\/span><\/p>\n<p>Wenn Sie mit unserer Website \u00fcber verschiedene soziale Netzwerke interagieren, z. B. wenn Sie sich mit uns verlinken<br \/>\noder uns folgen oder unsere Inhalte in sozialen Netzwerken (Facebook, Twitter, LinkedIn, Instagram oder anderen)<br \/>\nteilen, k\u00f6nnen wir Informationen von diesen sozialen Netzwerken erhalten, einschlie\u00dflich Informationen \u00fcber Ihr Profil,<br \/>\ndie mit Ihrem Konto im sozialen Netzwerk verbundene Benutzer-ID und andere \u00f6ffentliche Informationen, deren<br \/>\nWeitergabe an Dritte im sozialen Netzwerk Sie erlauben.<\/p>\n<p>Das Unternehmen nutzt die sozialen Netzwerke, um \u00fcber die von ihm angebotenen Dienstleistungen zu informieren,<br \/>\nsowie \u00fcber jede andere Aktivit\u00e4t oder Veranstaltung, die es durchf\u00fchrt und bekannt machen m\u00f6chte. Diese erhalten<br \/>\njedoch zu keinem Zeitpunkt personenbezogene Daten von den dort interagierenden Benutzern, es sei denn, es liegt<br \/>\neine ausdr\u00fcckliche Genehmigung vor.<br \/>\nDiese Daten werden nur innerhalb des sozialen Netzwerks selbst verwendet und werden in kein<br \/>\nDatenverarbeitungssystem aufgenommen.<\/p>\n<p>Soziale Netzwerke haben ihre eigenen Nutzungsbedingungen und Datenschutzerkl\u00e4rungen, die Sie ber\u00fccksichtigen und<br \/>\neinhalten m\u00fcssen, wenn Sie sie nutzen.<br \/>\nIm Falle einer Registrierung und\/oder eines Zugriffs \u00fcber ein Konto eines sozialen Netzwerks kann das Unternehmen<br \/>\nbestimmte Informationen aus Ihrem Benutzerprofil des entsprechenden sozialen Netzwerks ausschlie\u00dflich zu den oben<br \/>\ngenannten Zwecken erfassen und darauf zugreifen.<\/p>\n","protected":false},"excerpt":{"rendered":"<p>Im Einklang mit den Bestimmungen der Datenschutz-Grundverordnung (DSGVO, (EG ) 679\/2016 und dem spanischen Staatsgrundgesetz 3\/2018, vom 5. Dezember \u00fcber Schutz personenbezogener Daten und Gew\u00e4hrleistung digitaler Rechte, stellen wir Ihnen die folgenden Informationen zur Verarbeitung Ihrer pers\u00f6nlichen Daten zur Verf\u00fcgung: Wer ist f\u00fcr Verarbeitung Ihrer personenbezogenen Daten verantwortlich? Verantwortlicher f\u00fcr Datenverarbeitung und Datenschutzbeauftragter Verantwortlich f\u00fcr [&hellip;]<\/p>\n","protected":false},"author":1,"featured_media":0,"parent":0,"menu_order":0,"comment_status":"closed","ping_status":"closed","template":"","meta":{"_acf_changed":false,"footnotes":""},"class_list":["post-6196","page","type-page","status-publish","hentry"],"acf":[],"_links":{"self":[{"href":"https:\/\/terrazabalear.com\/de\/wp-json\/wp\/v2\/pages\/6196","targetHints":{"allow":["GET"]}}],"collection":[{"href":"https:\/\/terrazabalear.com\/de\/wp-json\/wp\/v2\/pages"}],"about":[{"href":"https:\/\/terrazabalear.com\/de\/wp-json\/wp\/v2\/types\/page"}],"author":[{"embeddable":true,"href":"https:\/\/terrazabalear.com\/de\/wp-json\/wp\/v2\/users\/1"}],"replies":[{"embeddable":true,"href":"https:\/\/terrazabalear.com\/de\/wp-json\/wp\/v2\/comments?post=6196"}],"version-history":[{"count":1,"href":"https:\/\/terrazabalear.com\/de\/wp-json\/wp\/v2\/pages\/6196\/revisions"}],"predecessor-version":[{"id":13363,"href":"https:\/\/terrazabalear.com\/de\/wp-json\/wp\/v2\/pages\/6196\/revisions\/13363"}],"wp:attachment":[{"href":"https:\/\/terrazabalear.com\/de\/wp-json\/wp\/v2\/media?parent=6196"}],"curies":[{"name":"wp","href":"https:\/\/api.w.org\/{rel}","templated":true}]}}