{"id":6197,"date":"2023-03-08T11:05:33","date_gmt":"2023-03-08T11:05:33","guid":{"rendered":"https:\/\/terrazabalear.com\/privacy-policy-2\/"},"modified":"2025-02-13T12:13:45","modified_gmt":"2025-02-13T12:13:45","slug":"politica-de-privacidad","status":"publish","type":"page","link":"https:\/\/terrazabalear.com\/es\/politica-de-privacidad\/","title":{"rendered":"Pol\u00edtica de privacidad"},"content":{"rendered":"<p>De conformidad con lo dispuesto en el Reglamento General de Protecci\u00f3n de Datos RGPD UE 679\/2016 y la Ley<br \/>\nOrg\u00e1nica 3\/2018 de 5 de Diciembre, de Protecci\u00f3n de Datos Personales y Garant\u00eda de los Derechos Digitales, se le facilita la siguiente informaci\u00f3n del tratamiento de sus datos de car\u00e1cter personal:<\/p>\n<p><span class=\"c83\">\u00bfQui\u00e9n es responsable del tratamiento de sus datos personales?<\/span><\/p>\n<p>Responsable del tratamiento: GRUPO INTERIORES GTH, S.L., NIF\/CIF: B-85578672, Direcci\u00f3n: Lago Carucedo s\/n, 28947, Fuenlabrada, Madrid, Espa\u00f1a, Email:\u00a0<a href=\"mailto:info@terrazabalear.com\">info@terrazabalear.com.\u00a0<\/a><\/p>\n<p><span class=\"c83\">\u00bfQu\u00e9 datos tratamos?<\/span><\/p>\n<p>En GRUPO INTERIORES GTH, S.L. tratamos los datos personales facilitados por usted a trav\u00e9s de la cumplimentaci\u00f3n de los<br \/>\nformularios habilitados a tal efecto en esta p\u00e1gina web, los datos personales derivados de la prestaci\u00f3n o contrataci\u00f3n<br \/>\nde nuestros servicios o productos y\/o los datos personales derivados de la relaci\u00f3n comercial que usted mantiene con<br \/>\nnosotros. Adem\u00e1s, tratamos los datos personales generados en el contexto de su actividad en nuestra p\u00e1gina web,<br \/>\ndentro de cuya categor\u00eda se incluyen sus datos de navegaci\u00f3n obtenidos a trav\u00e9s de la p\u00e1gina web.<br \/>\nEs importante para nosotros mantener el registro de sus datos personales actualizado. Usted tiene la obligaci\u00f3n de<br \/>\nmantenernos informados de cualquier cambio o error en sus datos personales tan pronto como sea posible poni\u00e9ndose<br \/>\nen contacto con nosotros en el correo electr\u00f3nico: <a href=\"mailto:info@terrazabalear.com\">info@terrazabalear.com.\u00a0<\/a>.<\/p>\n<p><span class=\"c83\">\u00bfCon qu\u00e9 finalidad tratamos sus datos de car\u00e1cter personal?<\/span><\/p>\n<p>Finalidad: GRUPO INTERIORES GTH, S.L. podr\u00e1 tratar sus datos personales para las siguientes finalidades:<\/p>\n<ol class=\"c59 lst-kix_list_3-0 start\" start=\"1\">\n<li class=\"c26\">Gesti\u00f3n y mantenimiento de los servicios proporcionados a trav\u00e9s de la p\u00e1gina web.<br \/>\n-Gesti\u00f3n y atenci\u00f3n de las consultas y solicitudes de informaci\u00f3n realizadas por los usuarios a trav\u00e9s del formulario de<br \/>\ncontacto. La direcci\u00f3n de correo electr\u00f3nico y los datos de car\u00e1cter personal que usted nos proporciona a trav\u00e9s del<br \/>\nformulario de contacto de la p\u00e1gina web ser\u00e1n utilizados exclusivamente para atender las consultas que nos plantee<br \/>\npor este medio.<\/li>\n<li>Cumplimiento de las obligaciones legales aplicables.<\/li>\n<li>Env\u00edo de comunicaciones comerciales y boletines informativos, as\u00ed como publicidad de nuestros servicios y productos.<\/li>\n<li>Gesti\u00f3n de las solicitudes de informaci\u00f3n o solicitudes de presupuestos de nuestros servicios o productos.<br \/>\n-Recepci\u00f3n y gesti\u00f3n de su Curr\u00edculum Vitae para participar en los procesos de selecci\u00f3n de personal de la entidad.<\/li>\n<li>En caso de haberlo consentido y con el fin de poder ofrecerle servicios de acuerdo con sus intereses sus datos<br \/>\npersonales pueden ser utilizados para elaborar un perfil comercial. No se tomar\u00e1n decisiones automatizadas en base a<br \/>\ndicho perfil.<\/li>\n<\/ol>\n<p>Conservamos sus datos de car\u00e1cter personal en nuestros sistemas y archivos el tiempo necesario para llevar a cabo los<br \/>\nfines del tratamiento, y para cumplir con lo dispuesto en la legislaci\u00f3n aplicable. Se conservar\u00e1n sus datos personales<br \/>\nmientras exista una relaci\u00f3n contractual y\/o comercial con usted, o mientras usted no ejerza su derecho de supresi\u00f3n<br \/>\ny\/o limitaci\u00f3n del tratamiento de sus datos. El periodo de conservaci\u00f3n de los datos personales variar\u00e1 en funci\u00f3n de<br \/>\nlos fines del tratamiento y con car\u00e1cter general:<\/p>\n<ol class=\"c59 lst-kix_list_3-0 start\" start=\"1\">\n<li class=\"c26\">Los datos personales que nos proporciona en los supuestos de contrataci\u00f3n de nuestros servicios o productos ser\u00e1n<br \/>\nconservados durante la relaci\u00f3n contractual y, una vez finalizada la misma, durante el plazo de prescripci\u00f3n de las<br \/>\nacciones legales que se puedan derivar de la misma.<\/li>\n<li>Los datos personales que nos proporciona para gestionar solicitudes de informaci\u00f3n o consultas a trav\u00e9s del formulario<br \/>\nde contacto se conservar\u00e1n mientras usted no solicite su supresi\u00f3n o cancelaci\u00f3n.<\/li>\n<li>Los datos personales que nos proporciona para suscribirse a nuestro Newsletter o boletines informativos se<br \/>\nconservar\u00e1n mientras usted no solicite su supresi\u00f3n, oposici\u00f3n y\/o limitaci\u00f3n.<\/li>\n<li>Los datos personales que nos proporciona mediante el env\u00edo del curriculum vitae se conservar\u00e1n durante un plazo no<br \/>\nsuperior a 1 a\u00f1o.<\/li>\n<li>Los datos personales obtenidos de su navegaci\u00f3n y h\u00e1bitos de consumo, as\u00ed como el perfil comercial obtenido, se<br \/>\nconservar\u00e1n mientras usted no solicite su supresi\u00f3n o cancelaci\u00f3n.<\/li>\n<\/ol>\n<p>Sus datos de car\u00e1cter personal ser\u00e1n conservados mientras sean \u00fatiles para las finalidades indicadas, y, en cualquier<br \/>\ncaso, durante los plazos legales y el tiempo necesario para atender a posibles responsabilidades nacidas del<br \/>\ntratamiento.<\/p>\n<p><span class=\"c83\">Seguridad de los datos.<\/span><\/p>\n<p>Disponemos de medidas de seguridad t\u00e9cnicas y organizativas adecuadas para proteger sus datos personales contra el<br \/>\ntratamiento no autorizado o il\u00edcito y contra su p\u00e9rdida, destrucci\u00f3n o da\u00f1o accidental, asegurando la integridad y<br \/>\nconfidencialidad de los mismos. Las medidas de seguridad t\u00e9cnicas y organizativas implantadas permiten: garantizar la<br \/>\nconfidencialidad, integridad, disponibilidad y resiliencia permanentes de los sistemas y servicios de tratamiento;<br \/>\nrestaurar la disponibilidad y el acceso a los datos de car\u00e1cter personal de forma r\u00e1pida en caso de incidente f\u00edsico o<br \/>\nt\u00e9cnico; y verificar, evaluar y valorar de forma regular la eficacia de las medidas t\u00e9cnicas y organizativas implantadas<br \/>\npara garantizar la seguridad del tratamiento.<\/p>\n<p>Estas medidas de seguridad t\u00e9cnicas y organizativas han sido dise\u00f1adas teniendo en cuenta nuestra infraestructura de<br \/>\nTI, el estado de la t\u00e9cnica de acuerdo con los est\u00e1ndares y pr\u00e1cticas actuales, el coste de la aplicaci\u00f3n y la naturaleza,<br \/>\n\u00e1mbito, contexto y fines del tratamiento, as\u00ed como los riesgos de diversa probabilidad y gravedad que entra\u00f1a el<br \/>\ntratamiento para sus datos personales.<\/p>\n<p><span class=\"c83\">\u00bfCu\u00e1l es la legitimaci\u00f3n para el tratamiento de sus datos?<\/span><\/p>\n<p>Legitimaci\u00f3n: La legitimaci\u00f3n para tratar sus datos de car\u00e1cter personal est\u00e1 basada en:<\/p>\n<ol class=\"c59 lst-kix_list_3-0 start\" start=\"1\">\n<li class=\"c26\">La ejecuci\u00f3n y mantenimiento de una relaci\u00f3n contractual y comercial con usted, como, por ejemplo la contrataci\u00f3n de<br \/>\nproductos y servicios de la entidad, gesti\u00f3n y solicitud de presupuestos de los productos y\/o servicios de la entidad,<br \/>\ntodo ello de conformidad con lo dispuesto en el art\u00edculo 6.1.B del RGPD (UE) 679\/2016 y la Ley Org\u00e1nica 3\/2018, de 5<br \/>\nde diciembre (LOPDPGDD).<\/li>\n<li>Su consentimiento expreso para una o varias finalidades, como por ejemplo el env\u00edo de comunicaciones publicitarias o<br \/>\nboletines informativos propios o de terceros, gesti\u00f3n de env\u00edos de curriculum vitae, participaci\u00f3n en actividades o<br \/>\nconcursos, todo ello de conformidad con lo dispuesto el art\u00edculo 6.1.A del RGPD (UE) 679\/2016 y la Ley Org\u00e1nica<br \/>\n3\/2018, de 5 de diciembre (LOPDPGDD).<\/li>\n<li>El cumplimiento de distintas obligaciones legales, todo ello de conformidad con lo dispuesto en el art\u00edculo 6.1 .C del<br \/>\nRGPD (UE) 679\/2016 y la Ley Org\u00e1nica 3\/2018, de 5 de diciembre (LOPDPGDD).<\/li>\n<li>La satisfacci\u00f3n de intereses leg\u00edtimos perseguidos por el responsable del tratamiento o por un tercero, por ejemplo,<br \/>\npor motivos de seguridad, para mejorar nuestros servicios y o para gestionar sus solicitudes o consultas.<\/li>\n<\/ol>\n<p>Durante el proceso de recogida de datos, y en cada lugar de la web en el que se soliciten datos de car\u00e1cter personal, el<br \/>\nusuario ser\u00e1 informado, ya sea mediante un hiperv\u00ednculo, ya sea mediante la inclusi\u00f3n de las menciones oportunas en<br \/>\nel propio formulario, del car\u00e1cter obligatorio o no de la recogida de sus datos de car\u00e1cter personal.<br \/>\nLos datos personales solicitados en los formularios de la p\u00e1gina web son, con car\u00e1cter general, obligatorios (salvo que<br \/>\nen el campo requerido se especifique lo contrario) para cumplir con las finalidades establecidas. Por lo tanto, si no se<br \/>\nfacilitan los datos personales solicitados, o no se facilitan correctamente, no podr\u00e1n atenderse las mismas.<\/p>\n<p>Existe la obligaci\u00f3n de facilitar sus datos de car\u00e1cter personal en los supuestos de contrataci\u00f3n de un servicio o<br \/>\nproducto, y\/o en aquellos supuestos de solicitud de presupuestos u ofertas.<\/p>\n<p>El env\u00edo de comunicaciones publicitarias, newsletter o boletines informativos de nuestros productos y servicios est\u00e1<br \/>\nbasado en el consentimiento que se le solicita, sin que en ning\u00fan caso la retirada de este consentimiento condicione la<br \/>\nrelaci\u00f3n contractual o comercial que usted mantiene con nosotros.<\/p>\n<p>Si usted nos ha autorizado a enviar publicidad de nuestros servicios y productos, sus datos de car\u00e1cter personal pueden<br \/>\nser utilizados para gestionar el env\u00edo de ofertas publicitarias y boletines informativos a trav\u00e9s de medios electr\u00f3nicos.<br \/>\nEn estos casos resulta de aplicaci\u00f3n lo dispuesto en los art. 20 y 21 de la ley 34\/2002, de 11 de julio, de servicios de la<br \/>\nsociedad de la informaci\u00f3n y de comercio electr\u00f3nico, respecto al uso y tratamiento de sus datos de car\u00e1cter personal<br \/>\ncon el fin de gestionar el env\u00edo de publicidad por medios electr\u00f3nicos.<\/p>\n<p>En caso de que haya marcado la opci\u00f3n de recibir publicidad, o si se ha suscrito a nuestro newsletter o bolet\u00edn<br \/>\ninformativo, usted puede cancelar esta opci\u00f3n en cualquier momento.<\/p>\n<p><span class=\"c83\">\u00bfA qu\u00e9 destinatarios se comunicar\u00e1n sus datos?<\/span><\/p>\n<p>Destinatarios: Con car\u00e1cter general, sus datos de car\u00e1cter personal no se comunicar\u00e1n a ning\u00fan tercero ajeno a la<br \/>\nentidad, salvo obligaci\u00f3n legal. No obstante, le informamos de que terceros proveedores pueden tener acceso a sus<br \/>\ndatos personales en calidad de encargados del tratamiento, en el marco de la prestaci\u00f3n de un servicio para la entidad<br \/>\nresponsable del tratamiento. Le informamos de que puede solicitar la relaci\u00f3n completa de los destinatarios que<br \/>\npodr\u00e1n recibir sus datos personales como encargados de tratamiento o como terceros receptores por transferencia en<br \/>\nel correo electr\u00f3nico: <a href=\"mailto:info@terrazabalear.com\">info@terrazabalear.com.\u00a0<\/a>. Adem\u00e1s de lo anterior, la entidad podr\u00e1 realizar cesiones o<br \/>\ncomunicaciones de datos personales para atender sus obligaciones ante las Administraciones P\u00fablicas en los casos que<br \/>\nas\u00ed se requiera, de acuerdo con la legislaci\u00f3n vigente.<\/p>\n<p>&#8211; Transferencias internacionales de datos:<\/p>\n<p>Para llevar a cabo las actividades de tratamiento de datos detalladas anteriormente, podemos transferir los datos a<br \/>\npa\u00edses de fuera del Espacio Econ\u00f3mico Europeo (EEE), y almacenar dichos datos en bases de datos f\u00edsicas o digitales<br \/>\ngestionadas por entidades que act\u00faen en nuestro nombre. La gesti\u00f3n de bases de datos y el tratamiento de los datos se<br \/>\nlimitan a los fines del tratamiento, y se llevan a cabo seg\u00fan las leyes y normativas vigentes en materia de protecci\u00f3n de<br \/>\ndatos. En caso de que los datos se env\u00eden fuera del EEE, la empresa utilizar\u00e1 medidas contractuales adecuadas para<br \/>\ngarantizar la protecci\u00f3n de los datos, que pueden incluir, entre otros, contratos basados en las cl\u00e1usulas est\u00e1ndar de<br \/>\nprotecci\u00f3n de datos adoptadas por la Comisi\u00f3n Europea aplicables al env\u00edo de datos personales fuera del EEE.<\/p>\n<p><span class=\"c83\">\u00bfQu\u00e9 derechos tiene [usted] en cuanto al tratamiento de sus datos personales?<\/span><\/p>\n<p>Derechos: Usted tiene derecho a obtener el acceso a sus datos personales, as\u00ed como a solicitar la rectificaci\u00f3n de los<br \/>\ndatos inexactos o, en su caso, solicitar su supresi\u00f3n cuando, entre otros motivos, los datos que ya no sean necesarios<br \/>\npara los fines que fueron recogidos. En determinadas circunstancias, usted puede solicitar la limitaci\u00f3n del tratamiento de sus datos, en cuyo caso \u00fanicamente los conservaremos para el ejercicio o defensa de reclamaciones. Asimismo, y por<br \/>\nmotivos relacionados con su situaci\u00f3n particular, usted puede oponerse al tratamiento de sus datos, en cuyo caso su<br \/>\ninformaci\u00f3n personal dejar\u00e1 de tratarse para aquellas finalidades respecto de las que haya manifestado su oposici\u00f3n.<br \/>\nCuando sea t\u00e9cnicamente posible, usted puede solicitar la portabilidad de sus datos a otro responsable del tratamiento.<br \/>\nPara ejercitar estos derechos, de conformidad con la legislaci\u00f3n vigente, usted puede dirigirse por correo postal,<br \/>\nadjuntando copia de un documento acreditativo de su identidad (DNI), a GRUPO INTERIORES GTH, S.L. en Lago Carucedo s\/n, 28947, Fuenlabrada, Madrid, Espa\u00f1a o al email info@terrazabalear.com. Usted tiene derecho a presentar una Reclamaci\u00f3n<br \/>\nante la Autoridad de Control: Agencia Espa\u00f1ola de Protecci\u00f3n Datos (www.agpd.es). Procedencia de los Datos de<br \/>\nCar\u00e1cter Personal: el propio interesado.<\/p>\n<p>Usted acepta expresamente la inclusi\u00f3n de los datos de car\u00e1cter personal recabados durante la navegaci\u00f3n en la p\u00e1gina<br \/>\nweb y\/o proporcionados mediante la cumplimentaci\u00f3n de cualquier formulario, as\u00ed como los derivados de una posible<br \/>\nrelaci\u00f3n comercial, en los ficheros automatizados de datos de car\u00e1cter personal de la entidad.<\/p>\n<p>La entidad garantiza la confidencialidad de los datos de car\u00e1cter personal de los usuarios. No obstante, la entidad<br \/>\nrevelar\u00e1 a las autoridades p\u00fablicas competentes los datos personales y cualquier otra informaci\u00f3n que est\u00e9 en su poder<br \/>\no sea accesible a trav\u00e9s de sus sistemas y sea requerida, de conformidad con las disposiciones legales y reglamentarias<br \/>\naplicables al caso. Los datos de car\u00e1cter personal pueden ser conservados en los ficheros titularidad de GRUPO INTERIORES GTH, S.L. incluso una vez finalizadas las relaciones comerciales formalizadas a trav\u00e9s de la p\u00e1gina web de la entidad, exclusivamente para los fines indicados anteriormente y, en todo caso, durante los plazos legalmente establecidos, a<br \/>\ndisposici\u00f3n de autoridades administrativas o judiciales.<\/p>\n<p><span class=\"c83\">Uso de redes sociales.<\/span><\/p>\n<p>Cuando usted interact\u00faa con nuestra p\u00e1gina web a trav\u00e9s de diversas redes sociales, como cuando se conecta o nos<br \/>\nsigue o comparte nuestro contenido en redes sociales (Facebook, Twitter, LinkedIn, Instagram u otras), podemos recibir<br \/>\ninformaci\u00f3n procedente de dichas redes sociales, incluida informaci\u00f3n sobre su perfil, ID de usuario asociada a su<br \/>\ncuenta en las redes sociales, y cualquier otra informaci\u00f3n p\u00fablica que usted permita compartir con terceros en la red<br \/>\nsocial.<\/p>\n<p>La entidad utiliza las redes sociales con la finalidad de informar sobre los servicios que ofrece, as\u00ed como de cualquier<br \/>\notra actividad o evento que se realice y se quiera dar publicidad, pero en ning\u00fan momento obtendr\u00e1 de las mismas<br \/>\ndatos personales de los usuarios que interact\u00faen en ellas, a menos que haya autorizaci\u00f3n expresa.<\/p>\n<p>Estos datos, solo son utilizados dentro de la propia red social y no son incorporados a ning\u00fan sistema de tratamiento.<br \/>\nLas redes sociales tienen sus propias condiciones de uso y pol\u00edticas de privacidad que usted est\u00e1 obligado a tener en<br \/>\ncuenta y a observar su cumplimiento si hace uso de ellas.<\/p>\n","protected":false},"excerpt":{"rendered":"<p>De conformidad con lo dispuesto en el Reglamento General de Protecci\u00f3n de Datos RGPD UE 679\/2016 y la Ley Org\u00e1nica 3\/2018 de 5 de Diciembre, de Protecci\u00f3n de Datos Personales y Garant\u00eda de los Derechos Digitales, se le facilita la siguiente informaci\u00f3n del tratamiento de sus datos de car\u00e1cter personal: \u00bfQui\u00e9n es responsable del tratamiento [&hellip;]<\/p>\n","protected":false},"author":1,"featured_media":0,"parent":0,"menu_order":0,"comment_status":"closed","ping_status":"closed","template":"","meta":{"_acf_changed":false,"footnotes":""},"class_list":["post-6197","page","type-page","status-publish","hentry"],"acf":[],"_links":{"self":[{"href":"https:\/\/terrazabalear.com\/es\/wp-json\/wp\/v2\/pages\/6197","targetHints":{"allow":["GET"]}}],"collection":[{"href":"https:\/\/terrazabalear.com\/es\/wp-json\/wp\/v2\/pages"}],"about":[{"href":"https:\/\/terrazabalear.com\/es\/wp-json\/wp\/v2\/types\/page"}],"author":[{"embeddable":true,"href":"https:\/\/terrazabalear.com\/es\/wp-json\/wp\/v2\/users\/1"}],"replies":[{"embeddable":true,"href":"https:\/\/terrazabalear.com\/es\/wp-json\/wp\/v2\/comments?post=6197"}],"version-history":[{"count":2,"href":"https:\/\/terrazabalear.com\/es\/wp-json\/wp\/v2\/pages\/6197\/revisions"}],"predecessor-version":[{"id":13362,"href":"https:\/\/terrazabalear.com\/es\/wp-json\/wp\/v2\/pages\/6197\/revisions\/13362"}],"wp:attachment":[{"href":"https:\/\/terrazabalear.com\/es\/wp-json\/wp\/v2\/media?parent=6197"}],"curies":[{"name":"wp","href":"https:\/\/api.w.org\/{rel}","templated":true}]}}